{"id":15276,"date":"2020-02-28T09:10:15","date_gmt":"2020-02-28T09:10:15","guid":{"rendered":"https:\/\/elementor.zozothemes.com\/egovenz\/upcoming-events-copy\/"},"modified":"2023-04-10T10:10:42","modified_gmt":"2023-04-10T10:10:42","slug":"events","status":"publish","type":"page","link":"https:\/\/aesprof.org\/index.php\/events\/","title":{"rendered":"Eventos"},"content":{"rendered":"\t\t<div data-elementor-type=\"wp-page\" data-elementor-id=\"15276\" class=\"elementor elementor-15276\" data-elementor-settings=\"[]\">\n\t\t\t\t\t\t\t<div class=\"elementor-section-wrap\">\n\t\t\t\t\t\t\t<section class=\"elementor-section elementor-top-section elementor-element elementor-element-e777bc0 elementor-section-boxed elementor-section-height-default elementor-section-height-default\" data-id=\"e777bc0\" data-element_type=\"section\">\n\t\t\t\t\t\t<div class=\"elementor-container elementor-column-gap-default\">\n\t\t\t\t\t<div class=\"elementor-column elementor-col-100 elementor-top-column elementor-element elementor-element-8c0f9fe\" data-id=\"8c0f9fe\" data-element_type=\"column\">\n\t\t\t<div class=\"elementor-widget-wrap elementor-element-populated\">\n\t\t\t\t\t\t\t\t<div class=\"elementor-element elementor-element-f75928c elementor-widget elementor-widget-egovenzsectiontitle\" data-id=\"f75928c\" data-element_type=\"widget\" data-widget_type=\"egovenzsectiontitle.default\">\n\t\t\t\t<div class=\"elementor-widget-container\">\n\t\t\t<div class=\"section-title-wrapper\"><div class=\"title-wrap\"><h3 class=\"section-title\">Eventos<\/h3><span class=\"sub-title\">Sector funerario y formaci\u00f3n<\/span><span class=\"title-separator separator-border theme-color-bg\"><\/span><\/div><!-- .title-wrap --><div class=\"section-description\"><\/div><!-- .section-description --><\/div><!-- .section-title-wrapper -->\t\t<\/div>\n\t\t\t\t<\/div>\n\t\t\t\t<div class=\"elementor-element elementor-element-46bcec5 elementor-widget elementor-widget-egovenzevent\" data-id=\"46bcec5\" data-element_type=\"widget\" data-widget_type=\"egovenzevent.default\">\n\t\t\t\t<div class=\"elementor-widget-container\">\n\t\t\t<div class=\"event-wrapper event-modern event-light shortcode-rand-1 egovenz-inline-css\" data-css=\"&quot;.shortcode-rand-1.event-wrapper .event-inner &gt; *:nth-child(1) { margin-bottom: 35px; }.shortcode-rand-1.event-wrapper .event-inner &gt; *:nth-child(2) { margin-bottom: 15px; }.shortcode-rand-1.event-wrapper .event-inner &gt; *:nth-child(3) { margin-bottom: 0px; }.shortcode-rand-1.event-wrapper .event-inner &gt; *:nth-child(4) { margin-bottom: 5px; }.shortcode-rand-1.event-wrapper .event-inner &gt; *:nth-child(5) { margin-bottom: 0; }&quot;\"><div class=\"row\"><div class=\"col-lg-4 col-md-4\"><div class=\"event-inner\"><div class=\"post-thumb\"><img loading=\"lazy\" decoding=\"async\" height=\"500\" width=\"767\" class=\"img-fluid\" alt=\"Webinar |\u00a0&#8216;Historia del embalsamamiento y su desarrollo en Espa\u00f1a&#8217;\" src=\"https:\/\/aesprof.org\/wp-content\/uploads\/2024\/06\/DISENOS-BASICOS-FBTW-6-767x500.png\"\/><\/div><!-- .post-thumb --><div class=\"entry-title\"><h5 class=\"post-title-head\"><a href=\"https:\/\/aesprof.org\/index.php\/eventos\/webinar-historia-del-embalsamamiento-y-su-desarrollo-en-espana\/\" class=\"post-title\">Webinar |\u00a0&#8216;Historia del embalsamamiento y su desarrollo en Espa\u00f1a&#8217;<\/a><\/h5><\/div><!-- .entry-title --><div class=\"post-excerpt\"><p>Nuevo webinar de AESPROF: &#8216;Historia del embalsamamiento y su desarrollo en Espa\u00f1a&#8217; Ser\u00e1 impartido por<\/p>\n<\/div><!-- .post-excerpt --><div class=\"post-more\"><a class=\"read-more\" href=\"https:\/\/aesprof.org\/index.php\/eventos\/webinar-historia-del-embalsamamiento-y-su-desarrollo-en-espana\/\">Leer m\u00e1s<\/a><\/div><\/div><!-- .event-inner --><\/div><!-- .cols --><div class=\"col-lg-4 col-md-4\"><div class=\"event-inner\"><div class=\"post-thumb\"><img loading=\"lazy\" decoding=\"async\" height=\"500\" width=\"767\" class=\"img-fluid\" alt=\"Webinar |\u00a0&#8216;El duelo en el suicidio&#8217;\" src=\"https:\/\/aesprof.org\/wp-content\/uploads\/2024\/06\/Copia-de-Copia-de-Copia-de-Copia-de-Copia-de-Copia-de-Copia-de-Copy-of-Copy-of-Unnamed-Design-66-767x500.png\"\/><\/div><!-- .post-thumb --><div class=\"entry-title\"><h5 class=\"post-title-head\"><a href=\"https:\/\/aesprof.org\/index.php\/eventos\/webinar-el-duelo-en-el-suicidio\/\" class=\"post-title\">Webinar |\u00a0&#8216;El duelo en el suicidio&#8217;<\/a><\/h5><\/div><!-- .entry-title --><div class=\"event-date\">2024-06-14<\/div><!-- .event-date --><div class=\"post-excerpt\"><p>Nuevo webinar de AESPROF: &#8216;El duelo en el suicidio\u2019. Ser\u00e1 impartido por Iliana Aguirre Ruiz,<\/p>\n<\/div><!-- .post-excerpt --><div class=\"post-more\"><a class=\"read-more\" href=\"https:\/\/aesprof.org\/index.php\/eventos\/webinar-el-duelo-en-el-suicidio\/\">Leer m\u00e1s<\/a><\/div><span class=\"event-status\">Evento finalizado<\/span><\/div><!-- .event-inner --><\/div><!-- .cols --><div class=\"col-lg-4 col-md-4\"><div class=\"event-inner\"><div class=\"post-thumb\"><img loading=\"lazy\" decoding=\"async\" height=\"500\" width=\"767\" class=\"img-fluid\" alt=\"Webinar | \u2018Las t\u00e1cticas de \u00e9xito para vender por Internet\u2019\" src=\"https:\/\/aesprof.org\/wp-content\/uploads\/2024\/05\/Copia-de-Copia-de-Copia-de-Copia-de-Copia-de-Copia-de-Copia-de-Copy-of-Copy-of-Unnamed-Design-24-767x500.png\"\/><\/div><!-- .post-thumb --><div class=\"entry-title\"><h5 class=\"post-title-head\"><a href=\"https:\/\/aesprof.org\/index.php\/eventos\/webinar-las-tacticas-de-exito-para-vender-por-internet\/\" class=\"post-title\">Webinar | \u2018Las t\u00e1cticas de \u00e9xito para vender por Internet\u2019<\/a><\/h5><\/div><!-- .entry-title --><div class=\"event-date\">2024-06-06<\/div><!-- .event-date --><div class=\"post-excerpt\"><p>Nuevo webinar de AESPROF: \u2018\u2018Las t\u00e1cticas de \u00e9xito para vender por Internet\u2019\u2019 Ser\u00e1 impartido por<\/p>\n<\/div><!-- .post-excerpt --><div class=\"post-more\"><a class=\"read-more\" href=\"https:\/\/aesprof.org\/index.php\/eventos\/webinar-las-tacticas-de-exito-para-vender-por-internet\/\">Leer m\u00e1s<\/a><\/div><span class=\"event-status\">Evento finalizado<\/span><\/div><!-- .event-inner --><\/div><!-- .cols --><\/div><!-- .row --><div class=\"row\"><div class=\"col-lg-4 col-md-4\"><div class=\"event-inner\"><div class=\"post-thumb\"><img loading=\"lazy\" decoding=\"async\" height=\"500\" width=\"767\" class=\"img-fluid\" alt=\"Webinar | \u2018Atender al ni\u00f1o y al adolescente en el duelo\u2019\" src=\"https:\/\/aesprof.org\/wp-content\/uploads\/2024\/03\/terapeuta-marta-767x500.png\"\/><\/div><!-- .post-thumb --><div class=\"entry-title\"><h5 class=\"post-title-head\"><a href=\"https:\/\/aesprof.org\/index.php\/eventos\/webinar-atender-al-nino-y-al-adolescente-en-el-duelo\/\" class=\"post-title\">Webinar | \u2018Atender al ni\u00f1o y al adolescente en el duelo\u2019<\/a><\/h5><\/div><!-- .entry-title --><div class=\"event-date\">2024-04-03<\/div><!-- .event-date --><div class=\"post-excerpt\"><p>Nuevo webinar de AESPROF: \u2018Atender al ni\u00f1o y al adolescente en el duelo\u2019 Ser\u00e1 impartido<\/p>\n<\/div><!-- .post-excerpt --><div class=\"post-more\"><a class=\"read-more\" href=\"https:\/\/aesprof.org\/index.php\/eventos\/webinar-atender-al-nino-y-al-adolescente-en-el-duelo\/\">Leer m\u00e1s<\/a><\/div><span class=\"event-status\">Evento finalizado<\/span><\/div><!-- .event-inner --><\/div><!-- .cols --><div class=\"col-lg-4 col-md-4\"><div class=\"event-inner\"><div class=\"post-thumb\"><img loading=\"lazy\" decoding=\"async\" height=\"500\" width=\"767\" class=\"img-fluid\" alt=\"TELEGRAM |\u00a0&#8216;Impacto emocional diario con la muerte&#8217;\" src=\"https:\/\/aesprof.org\/wp-content\/uploads\/2023\/12\/Captura-de-pantalla-2023-12-12-a-las-19.05.48-767x500.png\"\/><\/div><!-- .post-thumb --><div class=\"entry-title\"><h5 class=\"post-title-head\"><a href=\"https:\/\/aesprof.org\/index.php\/eventos\/telegram-impacto-emocional-diario-con-la-muerte\/\" class=\"post-title\">TELEGRAM |\u00a0&#8216;Impacto emocional diario con la muerte&#8217;<\/a><\/h5><\/div><!-- .entry-title --><div class=\"event-date\">2023-12-12<\/div><!-- .event-date --><div class=\"post-excerpt\"><p>Explora el impacto emocional diario con la muerte junto a Sandra Colman Vigorito Este curso<\/p>\n<\/div><!-- .post-excerpt --><div class=\"post-more\"><a class=\"read-more\" href=\"https:\/\/aesprof.org\/index.php\/eventos\/telegram-impacto-emocional-diario-con-la-muerte\/\">Leer m\u00e1s<\/a><\/div><span class=\"event-status\">Evento finalizado<\/span><\/div><!-- .event-inner --><\/div><!-- .cols --><div class=\"col-lg-4 col-md-4\"><div class=\"event-inner\"><div class=\"post-thumb\"><img loading=\"lazy\" decoding=\"async\" height=\"500\" width=\"767\" class=\"img-fluid\" alt=\"Telegram |\u00a0Taller internacional de tratamiento post mortem\" src=\"https:\/\/aesprof.org\/wp-content\/uploads\/2023\/07\/taller-internacional-de-postmortem-767x500.png\"\/><\/div><!-- .post-thumb --><div class=\"entry-title\"><h5 class=\"post-title-head\"><a href=\"https:\/\/aesprof.org\/index.php\/eventos\/telegram-taller-internacional-de-tratamiento-post-mortem\/\" class=\"post-title\">Telegram |\u00a0Taller internacional de tratamiento post mortem<\/a><\/h5><\/div><!-- .entry-title --><div class=\"post-excerpt\"><p>Nuevo taller de AESPROF: \u2018Tratamiento post mortem\u2019. Ser\u00e1 impartido v\u00eda telegram por Sandra Colman, licenciada<\/p>\n<\/div><!-- .post-excerpt --><div class=\"post-more\"><a class=\"read-more\" href=\"https:\/\/aesprof.org\/index.php\/eventos\/telegram-taller-internacional-de-tratamiento-post-mortem\/\">Leer m\u00e1s<\/a><\/div><\/div><!-- .event-inner --><\/div><!-- .cols --><\/div><!-- .row --><div class=\"row\"><div class=\"col-lg-4 col-md-4\"><div class=\"event-inner\"><div class=\"post-thumb\"><img loading=\"lazy\" decoding=\"async\" height=\"500\" width=\"767\" class=\"img-fluid\" alt=\"Webinar | C\u00f3mo nos afecta el duelo sin despedida\" src=\"https:\/\/aesprof.org\/wp-content\/uploads\/2023\/06\/zoom-2-767x500.png\"\/><\/div><!-- .post-thumb --><div class=\"entry-title\"><h5 class=\"post-title-head\"><a href=\"https:\/\/aesprof.org\/index.php\/eventos\/webinar-como-nos-afecta-el-duelo-sin-despedida\/\" class=\"post-title\">Webinar | C\u00f3mo nos afecta el duelo sin despedida<\/a><\/h5><\/div><!-- .entry-title --><div class=\"event-date\">2023-06-23<\/div><!-- .event-date --><div class=\"post-excerpt\"><p>Nuevo webinar de AESPROF: \u2018C\u00f3mo nos afecta el duelo sin despedida\u2019. Ser\u00e1 impartido v\u00eda Zoom<\/p>\n<\/div><!-- .post-excerpt --><div class=\"post-more\"><a class=\"read-more\" href=\"https:\/\/aesprof.org\/index.php\/eventos\/webinar-como-nos-afecta-el-duelo-sin-despedida\/\">Leer m\u00e1s<\/a><\/div><span class=\"event-status\">Evento finalizado<\/span><\/div><!-- .event-inner --><\/div><!-- .cols --><div class=\"col-lg-4 col-md-4\"><div class=\"event-inner\"><div class=\"post-thumb\"><img loading=\"lazy\" decoding=\"async\" height=\"500\" width=\"767\" class=\"img-fluid\" alt=\"Taller de aerograf\u00eda\/protocolo \u2013 Sagunto\" src=\"https:\/\/aesprof.org\/wp-content\/uploads\/2023\/03\/Captura-de-pantalla-2023-03-30-a-las-19.06.41-767x500.png\"\/><\/div><!-- .post-thumb --><div class=\"entry-title\"><h5 class=\"post-title-head\"><a href=\"https:\/\/aesprof.org\/index.php\/eventos\/taller-de-aerografia-protocolo-sagunto-3\/\" class=\"post-title\">Taller de aerograf\u00eda\/protocolo \u2013 Sagunto<\/a><\/h5><\/div><!-- .entry-title --><div class=\"event-date\">2023-11-11<\/div><!-- .event-date --><div class=\"post-excerpt\"><p>Nueva formaci\u00f3n de AESPROF sobre aerograf\u00eda\/protocolo en Sagunto. Plazas: 5 Impartido por Fernando Alc\u00f3n. ~<\/p>\n<\/div><!-- .post-excerpt --><div class=\"post-more\"><a class=\"read-more\" href=\"https:\/\/aesprof.org\/index.php\/eventos\/taller-de-aerografia-protocolo-sagunto-3\/\">Leer m\u00e1s<\/a><\/div><span class=\"event-status\">Evento finalizado<\/span><\/div><!-- .event-inner --><\/div><!-- .cols --><div class=\"col-lg-4 col-md-4\"><div class=\"event-inner\"><div class=\"post-thumb\"><img loading=\"lazy\" decoding=\"async\" height=\"500\" width=\"767\" class=\"img-fluid\" alt=\"Taller de reconstrucci\u00f3n \u2013 Sagunto\" src=\"https:\/\/aesprof.org\/wp-content\/uploads\/2023\/03\/Captura-de-pantalla-2023-03-30-a-las-19.03.44-767x500.png\"\/><\/div><!-- .post-thumb --><div class=\"entry-title\"><h5 class=\"post-title-head\"><a href=\"https:\/\/aesprof.org\/index.php\/eventos\/taller-de-reconstruccion-sagunto-3\/\" class=\"post-title\">Taller de reconstrucci\u00f3n \u2013 Sagunto<\/a><\/h5><\/div><!-- .entry-title --><div class=\"event-date\">2023-09-30<\/div><!-- .event-date --><div class=\"post-excerpt\"><p>Nueva formaci\u00f3n de AESPROF sobre reconstrucci\u00f3n en Sagunto. Impartido por Fernando Alc\u00f3n. Plazas: 10 ~<\/p>\n<\/div><!-- .post-excerpt --><div class=\"post-more\"><a class=\"read-more\" href=\"https:\/\/aesprof.org\/index.php\/eventos\/taller-de-reconstruccion-sagunto-3\/\">Leer m\u00e1s<\/a><\/div><span class=\"event-status\">Evento finalizado<\/span><\/div><!-- .event-inner --><\/div><!-- .cols --><\/div><!-- .row --><\/div><!-- .event-wrapper -->\t\t<\/div>\n\t\t\t\t<\/div>\n\t\t\t\t\t<\/div>\n\t\t<\/div>\n\t\t\t\t\t\t\t<\/div>\n\t\t<\/section>\n\t\t\t\t\t\t<\/div>\n\t\t\t\t\t<\/div>\n\t\t","protected":false},"excerpt":{"rendered":"<p>Eventos Sector funerario y formaci\u00f3n Taller de aerograf\u00eda\/protocolo \u2013 Sagunto 2023-11-11 Nueva formaci\u00f3n de AESPROF<\/p>\n","protected":false},"author":1,"featured_media":0,"parent":0,"menu_order":5,"comment_status":"closed","ping_status":"closed","template":"","meta":{"footnotes":""},"class_list":["post-15276","page","type-page","status-publish","hentry"],"_links":{"self":[{"href":"https:\/\/aesprof.org\/index.php\/wp-json\/wp\/v2\/pages\/15276","targetHints":{"allow":["GET"]}}],"collection":[{"href":"https:\/\/aesprof.org\/index.php\/wp-json\/wp\/v2\/pages"}],"about":[{"href":"https:\/\/aesprof.org\/index.php\/wp-json\/wp\/v2\/types\/page"}],"author":[{"embeddable":true,"href":"https:\/\/aesprof.org\/index.php\/wp-json\/wp\/v2\/users\/1"}],"replies":[{"embeddable":true,"href":"https:\/\/aesprof.org\/index.php\/wp-json\/wp\/v2\/comments?post=15276"}],"version-history":[{"count":14,"href":"https:\/\/aesprof.org\/index.php\/wp-json\/wp\/v2\/pages\/15276\/revisions"}],"predecessor-version":[{"id":16950,"href":"https:\/\/aesprof.org\/index.php\/wp-json\/wp\/v2\/pages\/15276\/revisions\/16950"}],"wp:attachment":[{"href":"https:\/\/aesprof.org\/index.php\/wp-json\/wp\/v2\/media?parent=15276"}],"curies":[{"name":"wp","href":"https:\/\/api.w.org\/{rel}","templated":true}]}}